{"id":712,"date":"2019-11-01T10:51:00","date_gmt":"2019-11-01T09:51:00","guid":{"rendered":"https:\/\/dev.all-can-wp.berta-bewegt.ch\/projekt\/krebsversorgung-in-der-zentralschweiz\/"},"modified":"2025-05-27T09:55:56","modified_gmt":"2025-05-27T07:55:56","slug":"prise-en-charge-du-cancer-en-suisse-centrale","status":"publish","type":"project","link":"https:\/\/all-can.ch\/fr\/projekt\/prise-en-charge-du-cancer-en-suisse-centrale\/","title":{"rendered":"Prise en charge du cancer en Suisse centrale"},"content":{"rendered":"\n<h3 class=\"wp-block-heading\">Am\u00e9lioration de la qualit\u00e9 de vie et de l\u2019efficacit\u00e9 de la prise en charge du cancer en Suisse centrale<\/h3>\n\n\n\n<p>Suite \u00e0 une \u00e9tude de faisabilit\u00e9 r\u00e9alis\u00e9e d\u2019octobre 2017 \u00e0 avril 2018 pour d\u00e9terminer les potentiels de d\u00e9veloppement de la prise en charge du cancer dans le canton de Lucerne, la Haute \u00e9cole de Lucerne \u2013 \u00c9conomie a entam\u00e9 en mai 2018 l\u2019\u00e9tude de mise en \u0153uvre sur l\u2019optimisation de la prise en charge du cancer en Suisse centrale. La Haute \u00e9cole de Lucerne \u2013 \u00c9conomie est soutenue par All.Can Suisse pour la r\u00e9alisation de cette \u00e9tude de mise en \u0153uvre.<\/p>\n\n\n\n<h3 class=\"wp-block-heading\">\u00c0 propos du projet<\/h3>\n\n\n\n<p>Le projet de la Haute \u00e9cole de Lucerne \u2013 \u00c9conomie vise \u00e0 am\u00e9liorer la qualit\u00e9 de vie des patient-e-s atteint-e-s d\u2019un cancer. L\u2019accent mis sur la Suisse centrale a pour but de se pencher sur des facteurs cruciaux de nature \u00e0 renforcer ou affaiblir les soins coordonn\u00e9s et globaux et \u00e0 avoir une influence sur les itin\u00e9raires des patients atteints d\u2019un cancer au sein de phases de prise en charge et de traitement ou entre diff\u00e9rentes phases.<\/p>\n\n\n\n<p>Le projet veut aussi savoir comment ancrer les d\u00e9couvertes dans la pratique et aboutir \u00e0 un effet sensible pour les patient-e-s, mais aussi pour les prestataires et d\u2019autres acteurs. Nous consid\u00e9rons l\u2019am\u00e9lioration de la qualit\u00e9 des traitements et de l\u2019efficacit\u00e9 de la prise en charge comme un pilier essentiel d\u2019une prise en charge durable. La qualit\u00e9 de vie, la qualit\u00e9 du traitement et l\u2019efficacit\u00e9 de la prise en charge doivent former un tout \u00e9quilibr\u00e9.<\/p>\n\n\n\n<p>Sur la base des r\u00e9sultats de l\u2019\u00e9tude de faisabilit\u00e9, nous avons formul\u00e9 des questions qui orientent notre recherche:<\/p>\n\n\n\n<ul class=\"wp-block-list\">\n<li>Quels sont les principaux aspects de la prise en charge en termes d\u2019am\u00e9lioration (ou d\u00e9t\u00e9rioration) de la qualit\u00e9 de vie des patient-e-s?<\/li>\n\n\n\n<li>Quel est l\u2019effet de la focalisation sur les besoins des patient-e-s et sur la coordination et la coop\u00e9ration entre les fournisseurs de prestations pour la qualit\u00e9 du traitement et l\u2019efficacit\u00e9 de la prise en charge?<\/li>\n\n\n\n<li>Comment donner aux acteurs les cl\u00e9s qui leur permettront d\u2019aboutir ensemble aux meilleurs r\u00e9sultats possibles dans la prise en charge du cancer?<\/li>\n<\/ul>\n\n\n\n<h3 class=\"wp-block-heading\">Direction du projet<\/h3>\n\n\n\n<p>Le projet d\u2019optimisation de la qualit\u00e9 de vie et de la prise en charge du cancer en Suisse centrale est r\u00e9alis\u00e9 par la Haute \u00e9cole de Lucerne \u2013 \u00c9conomie. Le projet y est domicili\u00e9 \u00e0 l\u2019Institut d\u2019\u00e9conomie d\u2019entreprise et r\u00e9gionale IBR, Centre de comp\u00e9tences Public and Nonprofit Management. Le projet est dirig\u00e9 par Oliver Kessler, lic. rer. publ. HSG, enseignant, ainsi que co-directeur du programme de recherche et de consultation \u00ab\u00d6ffentliches Gesundheitsmanagement\u00bb. D\u2019autres membres de l\u2019\u00e9quipe de projet sont Kathrin Jehle, Marco Eichenberger et Dr Matthias W\u00e4chter. Le projet est soutenu par un groupe consultatif compos\u00e9 de 2 patient-e-s et de sp\u00e9cialistes de Suisse centrale.<\/p>\n","protected":false},"featured_media":439,"template":"","class_list":["post-712","project","type-project","status-publish","has-post-thumbnail","hentry"],"acf":[],"yoast_head":"<!-- This site is optimized with the Yoast SEO plugin v27.1.1 - https:\/\/yoast.com\/product\/yoast-seo-wordpress\/ -->\n<title>Prise en charge du cancer en Suisse centrale - All.Can Schweiz<\/title>\n<meta name=\"robots\" content=\"index, follow, max-snippet:-1, max-image-preview:large, max-video-preview:-1\" \/>\n<link rel=\"canonical\" href=\"https:\/\/all-can.ch\/fr\/projekt\/prise-en-charge-du-cancer-en-suisse-centrale\/\" \/>\n<meta property=\"og:locale\" content=\"fr_FR\" \/>\n<meta property=\"og:type\" content=\"article\" \/>\n<meta property=\"og:title\" content=\"Prise en charge du cancer en Suisse centrale - All.Can Schweiz\" \/>\n<meta property=\"og:description\" content=\"Am\u00e9lioration de la qualit\u00e9 de vie et de l\u2019efficacit\u00e9 de la prise en charge du cancer en Suisse centrale Suite \u00e0 une \u00e9tude de faisabilit\u00e9 r\u00e9alis\u00e9e d\u2019octobre 2017 \u00e0 avril 2018 pour d\u00e9terminer les potentiels de d\u00e9veloppement de la prise en charge du cancer dans le canton de Lucerne, la Haute \u00e9cole de Lucerne \u2013 [&hellip;]\" \/>\n<meta property=\"og:url\" content=\"https:\/\/all-can.ch\/fr\/projekt\/prise-en-charge-du-cancer-en-suisse-centrale\/\" \/>\n<meta property=\"og:site_name\" content=\"All.Can Schweiz\" \/>\n<meta property=\"article:modified_time\" content=\"2025-05-27T07:55:56+00:00\" \/>\n<meta property=\"og:image\" content=\"https:\/\/all-can.ch\/wp-content\/uploads\/2025\/05\/Bildschirmfoto-2021-05-19-um-10.09.39-1.png\" \/>\n\t<meta property=\"og:image:width\" content=\"1094\" \/>\n\t<meta property=\"og:image:height\" content=\"336\" \/>\n\t<meta property=\"og:image:type\" content=\"image\/png\" \/>\n<meta name=\"twitter:card\" content=\"summary_large_image\" \/>\n<meta name=\"twitter:label1\" content=\"Est. reading time\" \/>\n\t<meta name=\"twitter:data1\" content=\"3 minutes\" \/>\n<script type=\"application\/ld+json\" class=\"yoast-schema-graph\">{\"@context\":\"https:\/\/schema.org\",\"@graph\":[{\"@type\":\"WebPage\",\"@id\":\"https:\/\/all-can.ch\/fr\/projekt\/prise-en-charge-du-cancer-en-suisse-centrale\/\",\"url\":\"https:\/\/all-can.ch\/fr\/projekt\/prise-en-charge-du-cancer-en-suisse-centrale\/\",\"name\":\"Prise en charge du cancer en Suisse centrale - All.Can Schweiz\",\"isPartOf\":{\"@id\":\"https:\/\/all-can.ch\/#website\"},\"primaryImageOfPage\":{\"@id\":\"https:\/\/all-can.ch\/fr\/projekt\/prise-en-charge-du-cancer-en-suisse-centrale\/#primaryimage\"},\"image\":{\"@id\":\"https:\/\/all-can.ch\/fr\/projekt\/prise-en-charge-du-cancer-en-suisse-centrale\/#primaryimage\"},\"thumbnailUrl\":\"https:\/\/all-can.ch\/wp-content\/uploads\/2025\/05\/Bildschirmfoto-2021-05-19-um-10.09.39-1.png\",\"datePublished\":\"2019-11-01T09:51:00+00:00\",\"dateModified\":\"2025-05-27T07:55:56+00:00\",\"breadcrumb\":{\"@id\":\"https:\/\/all-can.ch\/fr\/projekt\/prise-en-charge-du-cancer-en-suisse-centrale\/#breadcrumb\"},\"inLanguage\":\"fr-FR\",\"potentialAction\":[{\"@type\":\"ReadAction\",\"target\":[\"https:\/\/all-can.ch\/fr\/projekt\/prise-en-charge-du-cancer-en-suisse-centrale\/\"]}]},{\"@type\":\"ImageObject\",\"inLanguage\":\"fr-FR\",\"@id\":\"https:\/\/all-can.ch\/fr\/projekt\/prise-en-charge-du-cancer-en-suisse-centrale\/#primaryimage\",\"url\":\"https:\/\/all-can.ch\/wp-content\/uploads\/2025\/05\/Bildschirmfoto-2021-05-19-um-10.09.39-1.png\",\"contentUrl\":\"https:\/\/all-can.ch\/wp-content\/uploads\/2025\/05\/Bildschirmfoto-2021-05-19-um-10.09.39-1.png\",\"width\":1094,\"height\":336},{\"@type\":\"BreadcrumbList\",\"@id\":\"https:\/\/all-can.ch\/fr\/projekt\/prise-en-charge-du-cancer-en-suisse-centrale\/#breadcrumb\",\"itemListElement\":[{\"@type\":\"ListItem\",\"position\":1,\"name\":\"Home\",\"item\":\"https:\/\/all-can.ch\/fr\/\"},{\"@type\":\"ListItem\",\"position\":2,\"name\":\"Projects\",\"item\":\"https:\/\/all-can.ch\/project\/\"},{\"@type\":\"ListItem\",\"position\":3,\"name\":\"Prise en charge du cancer en Suisse centrale\"}]},{\"@type\":\"WebSite\",\"@id\":\"https:\/\/all-can.ch\/#website\",\"url\":\"https:\/\/all-can.ch\/\",\"name\":\"All.Can Schweiz\",\"description\":\"\",\"potentialAction\":[{\"@type\":\"SearchAction\",\"target\":{\"@type\":\"EntryPoint\",\"urlTemplate\":\"https:\/\/all-can.ch\/?s={search_term_string}\"},\"query-input\":{\"@type\":\"PropertyValueSpecification\",\"valueRequired\":true,\"valueName\":\"search_term_string\"}}],\"inLanguage\":\"fr-FR\"}]}<\/script>\n<!-- \/ Yoast SEO plugin. -->","yoast_head_json":{"title":"Prise en charge du cancer en Suisse centrale - All.Can Schweiz","robots":{"index":"index","follow":"follow","max-snippet":"max-snippet:-1","max-image-preview":"max-image-preview:large","max-video-preview":"max-video-preview:-1"},"canonical":"https:\/\/all-can.ch\/fr\/projekt\/prise-en-charge-du-cancer-en-suisse-centrale\/","og_locale":"fr_FR","og_type":"article","og_title":"Prise en charge du cancer en Suisse centrale - All.Can Schweiz","og_description":"Am\u00e9lioration de la qualit\u00e9 de vie et de l\u2019efficacit\u00e9 de la prise en charge du cancer en Suisse centrale Suite \u00e0 une \u00e9tude de faisabilit\u00e9 r\u00e9alis\u00e9e d\u2019octobre 2017 \u00e0 avril 2018 pour d\u00e9terminer les potentiels de d\u00e9veloppement de la prise en charge du cancer dans le canton de Lucerne, la Haute \u00e9cole de Lucerne \u2013 [&hellip;]","og_url":"https:\/\/all-can.ch\/fr\/projekt\/prise-en-charge-du-cancer-en-suisse-centrale\/","og_site_name":"All.Can Schweiz","article_modified_time":"2025-05-27T07:55:56+00:00","og_image":[{"width":1094,"height":336,"url":"https:\/\/all-can.ch\/wp-content\/uploads\/2025\/05\/Bildschirmfoto-2021-05-19-um-10.09.39-1.png","type":"image\/png"}],"twitter_card":"summary_large_image","twitter_misc":{"Est. reading time":"3 minutes"},"schema":{"@context":"https:\/\/schema.org","@graph":[{"@type":"WebPage","@id":"https:\/\/all-can.ch\/fr\/projekt\/prise-en-charge-du-cancer-en-suisse-centrale\/","url":"https:\/\/all-can.ch\/fr\/projekt\/prise-en-charge-du-cancer-en-suisse-centrale\/","name":"Prise en charge du cancer en Suisse centrale - All.Can Schweiz","isPartOf":{"@id":"https:\/\/all-can.ch\/#website"},"primaryImageOfPage":{"@id":"https:\/\/all-can.ch\/fr\/projekt\/prise-en-charge-du-cancer-en-suisse-centrale\/#primaryimage"},"image":{"@id":"https:\/\/all-can.ch\/fr\/projekt\/prise-en-charge-du-cancer-en-suisse-centrale\/#primaryimage"},"thumbnailUrl":"https:\/\/all-can.ch\/wp-content\/uploads\/2025\/05\/Bildschirmfoto-2021-05-19-um-10.09.39-1.png","datePublished":"2019-11-01T09:51:00+00:00","dateModified":"2025-05-27T07:55:56+00:00","breadcrumb":{"@id":"https:\/\/all-can.ch\/fr\/projekt\/prise-en-charge-du-cancer-en-suisse-centrale\/#breadcrumb"},"inLanguage":"fr-FR","potentialAction":[{"@type":"ReadAction","target":["https:\/\/all-can.ch\/fr\/projekt\/prise-en-charge-du-cancer-en-suisse-centrale\/"]}]},{"@type":"ImageObject","inLanguage":"fr-FR","@id":"https:\/\/all-can.ch\/fr\/projekt\/prise-en-charge-du-cancer-en-suisse-centrale\/#primaryimage","url":"https:\/\/all-can.ch\/wp-content\/uploads\/2025\/05\/Bildschirmfoto-2021-05-19-um-10.09.39-1.png","contentUrl":"https:\/\/all-can.ch\/wp-content\/uploads\/2025\/05\/Bildschirmfoto-2021-05-19-um-10.09.39-1.png","width":1094,"height":336},{"@type":"BreadcrumbList","@id":"https:\/\/all-can.ch\/fr\/projekt\/prise-en-charge-du-cancer-en-suisse-centrale\/#breadcrumb","itemListElement":[{"@type":"ListItem","position":1,"name":"Home","item":"https:\/\/all-can.ch\/fr\/"},{"@type":"ListItem","position":2,"name":"Projects","item":"https:\/\/all-can.ch\/project\/"},{"@type":"ListItem","position":3,"name":"Prise en charge du cancer en Suisse centrale"}]},{"@type":"WebSite","@id":"https:\/\/all-can.ch\/#website","url":"https:\/\/all-can.ch\/","name":"All.Can Schweiz","description":"","potentialAction":[{"@type":"SearchAction","target":{"@type":"EntryPoint","urlTemplate":"https:\/\/all-can.ch\/?s={search_term_string}"},"query-input":{"@type":"PropertyValueSpecification","valueRequired":true,"valueName":"search_term_string"}}],"inLanguage":"fr-FR"}]}},"_links":{"self":[{"href":"https:\/\/all-can.ch\/fr\/wp-json\/wp\/v2\/project\/712","targetHints":{"allow":["GET"]}}],"collection":[{"href":"https:\/\/all-can.ch\/fr\/wp-json\/wp\/v2\/project"}],"about":[{"href":"https:\/\/all-can.ch\/fr\/wp-json\/wp\/v2\/types\/project"}],"wp:featuredmedia":[{"embeddable":true,"href":"https:\/\/all-can.ch\/fr\/wp-json\/wp\/v2\/media\/439"}],"wp:attachment":[{"href":"https:\/\/all-can.ch\/fr\/wp-json\/wp\/v2\/media?parent=712"}],"curies":[{"name":"wp","href":"https:\/\/api.w.org\/{rel}","templated":true}]}}